{"id":29712,"date":"2025-07-17T13:35:27","date_gmt":"2025-07-17T11:35:27","guid":{"rendered":"https:\/\/www.esidioma.com\/?post_type=product&#038;p=29712"},"modified":"2026-04-23T21:46:15","modified_gmt":"2026-04-23T19:46:15","slug":"spanische-verben-anfaenger-onlinekurs-kursbuch-printversion-niveau-a1-a2","status":"publish","type":"product","link":"https:\/\/www.esidioma.com\/de\/produkt\/spanische-verben-anfaenger-onlinekurs-kursbuch-printversion-niveau-a1-a2","title":{"rendered":"Spanische Verben (Anf\u00e4nger): Onlinekurs + Kursbuch (Printversion). Niveau A1-A2"},"content":{"rendered":"<div class=\"container-fluid lista-icono-texto-out-short-desc\">\r\n\t<div class=\"row\">\r\n\t\t<div class=\"col-xs-12\">\r\n\t\t\t<ul class=\"lista-icono-texto\">\r\n\t\t\t\t<li><i class=\"fa-solid fa-person-chalkboard\"><\/i><span>Fachliche Betreuung per Email von einem <strong>echten Lehrer<\/strong><\/span><\/li>\r\n\t\t\t\t<li><i class=\"fa-solid fa-microphone\"><\/i><span>Hochwertige Audios von spanischen Muttersprachlern<\/span><\/li>\r\n\t\t\t\t<li><i class=\"fa-solid fa-gamepad\"><\/i><span><strong>Interaktive Online-\u00dcbungen<\/strong> in jeder Lektion<\/span><\/li>\r\n\t\t\t\t<li><i class=\"fa-solid fa-book-bookmark\"><\/i><span>Verblisten, Spiele und klare Erl\u00e4uterungen<\/span><\/li>\r\n\t\t\t\t<li><i class=\"fa-solid fa-signal\"><\/i><span><strong>Von den Grundlagen <\/strong> hin zu sicherer Kommunikation<\/span><\/li>\r\n\t\t\t\t<li><i class=\"fa-regular fa-envelope\"><\/i><span>Beantworte schriftlich Fragen<strong> auf Spanisch und erhalte R\u00fcckmeldung<\/strong><\/span><\/li>\r\n\t\t\t<\/ul>\r\n\t\t<\/div>\r\n\t<\/div>\r\n\t<div class=\"siete-dias-free-course icono-texto\">\r\n\t\t<i class=\"fa-solid fa-user-clock\"><\/i><span><strong>3 Monate Zugang<\/strong> zum gesamten Kursmaterial ab Zeitpunkt des Erwerbs.<br>(Einmalige Zahlung &#8211; kein Abo)<\/span>\r\n\t<\/div>\r\n\t<div class=\"row\">\r\n\t\t<div class=\"col-lg-6 col-md-6 col-sm-6 col-xs-12\">\r\n\t\t\t<h3>H\u00f6r dir Ausz\u00fcge aus diesem Buch an:<\/h3>\r\n\t\t\t<p>\r\n\t\t\t\t<audio style=\"color: #95b9c7;\" controls=\"controls\">\r\n\t\t\t\t\t<source src=\"\/wp-content\/uploads\/sample_E_VE_A1A2_a.mp3\" type=\"audio\/mpeg\">\r\n\t\t\t\t\tDein Browser unterst\u00fctzt das Audioelement nicht.\r\n\t\t\t\t<\/audio>\r\n\t\t\t<\/p>\r\n\t\t\t<p>\r\n\t\t\t\t<audio style=\"color: #95b9c7;\" controls=\"controls\">\r\n\t\t\t\t\t<source src=\"\/wp-content\/uploads\/sample_E_VE_A1A2_b.mp3\" type=\"audio\/mpeg\">\r\n\t\t\t\t\tDein Browser unterst\u00fctzt das Audioelement nicht.\r\n\t\t\t\t<\/audio>\r\n\t\t\t<\/p>\r\n\t\t<\/div>\r\n\t\t<div class=\"col-lg-6 col-md-6 col-sm-6 col-xs-12\">\r\n\t\t\t<h3 class=\"hidden-xs\">Lies Ausz\u00fcge aus diesem Buch. Zum Vergr\u00f6\u00dfern hier klicken:<\/h3>\r\n\t\t\t<h3 class=\"hidden-lg hidden-md hidden-sm visible-xs-block\">Lies Ausz\u00fcge aus diesem Buch:<\/h3>\r\n\t\t\t<div class=\"row mi-galeria-producto\"><a href=\"\/wp-content\/uploads\/sample_E_VE_A1A2_ES_DE_01.jpg\"\r\n\t\t\t\t\tdata-fancybox=\"gallery\" title=\"Sistema Esidioma - Auszug\"><img\r\n\t\t\t\t\t\tclass=\"col-lg-6 col-md-12 col-sm-12 col-xs-12\" id=\"thumb_296\"\r\n\t\t\t\t\t\tsrc=\"\/wp-content\/uploads\/sample_E_VE_A1A2_ES_DE_01.jpg\" alt=\"Sistema Esidioma - Auszug\"\r\n\t\t\t\t\t\ttitle=\"Sistema Esidioma - Auszug\" itemprop=\"image\" \/><\/a><a\r\n\t\t\t\t\thref=\"\/wp-content\/uploads\/sample_E_VE_A1A2_ES_DE_02.jpg\" data-fancybox=\"gallery\"\r\n\t\t\t\t\ttitle=\"Sistema Esidioma - Auszug\"><img class=\"col-lg-6 col-md-12 col-sm-12 col-xs-12\" id=\"thumb_296\"\r\n\t\t\t\t\t\tsrc=\"\/wp-content\/uploads\/sample_E_VE_A1A2_ES_DE_02.jpg\" alt=\"Sistema Esidioma - sample\"\r\n\t\t\t\t\t\ttitle=\"Sistema Esidioma - Auszug\" itemprop=\"image\" \/><\/a><a\r\n\t\t\t\t\thref=\"\/wp-content\/uploads\/sample_E_VE_A1A2_ES_DE_03.jpg\" data-fancybox=\"gallery\"\r\n\t\t\t\t\ttitle=\"Sistema Esidioma - Auszug\"><img class=\"col-lg-6 col-md-12 col-sm-12 col-xs-12\" id=\"thumb_296\"\r\n\t\t\t\t\t\tsrc=\"\/wp-content\/uploads\/sample_E_VE_A1A2_ES_DE_03.jpg\" alt=\"Sistema Esidioma - Auszug\"\r\n\t\t\t\t\t\ttitle=\"Sistema Kalinka - Auszug\" itemprop=\"image\" \/><\/a><a\r\n\t\t\t\t\thref=\"\/wp-content\/uploads\/sample_E_VE_A1A2_ES_DE_04.jpg\" data-fancybox=\"gallery\"\r\n\t\t\t\t\ttitle=\"Sistema Esidioma - Auszug\"><img class=\"col-lg-6 col-md-12 col-sm-12 col-xs-12\" id=\"thumb_296\"\r\n\t\t\t\t\t\tsrc=\"\/wp-content\/uploads\/sample_E_VE_A1A2_ES_DE_04.jpg\" alt=\"Sistema Esidioma - Auszug\"\r\n\t\t\t\t\t\ttitle=\"Sistema Esidioma - Auszug\" itemprop=\"image\" \/><\/a><a\r\n\t\t\t\t\thref=\"\/wp-content\/uploads\/sample_E_VE_A1A2_ES_DE_05.jpg\" data-fancybox=\"gallery\"\r\n\t\t\t\t\ttitle=\"Sistema Esidioma - Auszug\"><img class=\"col-lg-6 col-md-12 col-sm-12 col-xs-12\" id=\"thumb_296\"\r\n\t\t\t\t\t\tsrc=\"\/wp-content\/uploads\/sample_E_VE_A1A2_ES_DE_05.jpg\" alt=\"Sistema Esidioma - Auszug\"\r\n\t\t\t\t\t\ttitle=\"Sistema Esidioma - Auszug\" itemprop=\"image\" \/><\/a><a\r\n\t\t\t\t\thref=\"\/wp-content\/uploads\/sample_E_VE_A1A2_ES_DE_06.jpg\" data-fancybox=\"gallery\"\r\n\t\t\t\t\ttitle=\"Sistema Esidioma - Auszug\"><img class=\"col-lg-6 col-md-12 col-sm-12 col-xs-12\" id=\"thumb_296\"\r\n\t\t\t\t\t\tsrc=\"\/wp-content\/uploads\/sample_E_VE_A1A2_ES_DE_06.jpg\" alt=\"Sistema Esidioma - Auszug\"\r\n\t\t\t\t\t\ttitle=\"Sistema Esidioma - Auszug\" itemprop=\"image\" \/><\/a>\r\n\t\t\t<\/div>\r\n\t\t<\/div>\r\n\t\t<div class=\"col-xs-12\">\r\n\t\t\t<h3 class=\"penp-titulo\">Der Kurs auf einen Blick:<\/h3>\r\n\t\t\t<div class=\"row mi-galeria-producto\" style=\"background-color: #999999\"><a\r\n\t\t\t\t\thref=\"\/wp-content\/uploads\/sample_c_ve_01_de_01.jpg\" data-fancybox=\"gallery\" title=\"Course sample\"><img\r\n\t\t\t\t\t\tclass=\"col-lg-6 col-md-12 col-sm-12 col-xs-12\" id=\"thumb_296\"\r\n\t\t\t\t\t\tsrc=\"\/wp-content\/uploads\/sample_c_ve_01_de_01.jpg\" alt=\"Course sample\" title=\"Course sample\"\r\n\t\t\t\t\t\titemprop=\"image\" \/><\/a> <a href=\"\/wp-content\/uploads\/sample_c_ve_01_de_02.jpg\" data-fancybox=\"gallery\"\r\n\t\t\t\t\ttitle=\"Course sample\"><img class=\"col-lg-6 col-md-12 col-sm-12 col-xs-12\" id=\"thumb_296\"\r\n\t\t\t\t\t\tsrc=\"\/wp-content\/uploads\/sample_c_ve_01_de_02.jpg\" alt=\"Course sample\" title=\"Course sample\"\r\n\t\t\t\t\t\titemprop=\"image\" \/><\/a> <a href=\"\/wp-content\/uploads\/sample_c_ve_01_de_03.jpg\" data-fancybox=\"gallery\"\r\n\t\t\t\t\ttitle=\"Course sample\"><img class=\"col-lg-6 col-md-12 col-sm-12 col-xs-12\" id=\"thumb_296\"\r\n\t\t\t\t\t\tsrc=\"\/wp-content\/uploads\/sample_c_ve_01_de_03.jpg\" alt=\"Course sample\" title=\"Course sample\"\r\n\t\t\t\t\t\titemprop=\"image\" \/><\/a> <a href=\"\/wp-content\/uploads\/sample_c_ve_01_de_04.jpg\" data-fancybox=\"gallery\"\r\n\t\t\t\t\ttitle=\"Course sample\"><img class=\"col-lg-6 col-md-12 col-sm-12 col-xs-12\" id=\"thumb_296\"\r\n\t\t\t\t\t\tsrc=\"\/wp-content\/uploads\/sample_c_ve_01_de_04.jpg\" alt=\"Course sample\" title=\"Course sample\"\r\n\t\t\t\t\t\titemprop=\"image\" \/><\/a>\r\n\t\t\t<\/div>\r\n\t\t<\/div>\r\n\t<\/div>\r\n\r\n\t<!-- Additional Description -->\r\n\t<div class=\"row\">\r\n\t\t<div class=\"col-xs-12\">\r\n\t\t\t<h3 class=\"penp-titulo\">Ich kann schon ein bisschen Spanisch. Wo fange ich an?<\/h3>\r\n\t\t\t<p><strong>FANG AUF DEINEM NIVEAU AN<\/strong>: Entscheide selbst, wo du anf\u00e4ngst &#8211; du hast <strong>Zugang zu allen Lektionen<\/strong>.\r\n\t\t\t<p>Wenn du eine Zeitfor mschon sicher beherrschst, musst du nicht von vorne beginnen. \u00d6ffne einfach eine fortgeschrittenere Lektion und teste dich selbst mit den \u00dcbungen. So siehst du schnell, ob du die Vokabeln und Grammatik dieser Lektion schon kannst. Mit dem Kurs eignest du dir \u00fcber <strong>100 Verben<\/strong> in verschiedenen <strong>Konstruktionen und Zeitfromen<\/strong> an. Dank unserer einzigartigen Lernmethode machst du schnelle Fortschritte.<\/p>\r\n\t\t\t<h3 class=\"penp-titulo\">Welche Lernmethoden beinhaltet der Kurs?<\/h3>\r\n\t\t\t<p>Der Kurs bietet eine Vielzahl an interaktiven Methoden, darunter <strong>Lernspiele<\/strong> zum Einpr\u00e4gen des Vokabulars, <strong>H\u00f6r\u00fcbungen<\/strong>, <strong>verschiedene Tests<\/strong> und <strong>Schreibaufgaben<\/strong>, bei denen du deine Texte einreichst kannst. Diese Aktivit\u00e4ten sorgen f\u00fcr ein effektives und unterhaltsames Lernerlebnis.<\/p>\r\n\t\t<\/div>\r\n\t<\/div>\r\n\t<!-- Content -->\r\n\t<div class=\"row\">\r\n\t\t<div class=\"col-xs-12\">\r\n\t\t\t<h3 class=\"penp-titulo\">Kursinhalt<\/h3>\r\n\t\t\t<div class=\"partes-curso-en-producto c-ve-01\">            <div class=\"envoltorio-parte envoltorio-parte-01 impar\">\n                <div class=\"ep-decoracion ep-decoracion-impar\">\n                    <div class=\"ep-deco-curso-img\" style=\"background-image: url(\/wp-content\/uploads\/C_VE-imagen-principal-leccion-01.png)\"><\/div>\n                    <div class=\"ep-deco-left\"><\/div>\n                    <div class=\"ep-deco-right\"><\/div>\n                    <div class=\"ep-deco-leccion\">Thema 1<\/div>\n                    <div class=\"ep-deco-nombre\"> Der Infinitiv<\/div>\n                <\/div>\n                <div class=\"ep-contenido\">\n                    <div>\n                        <p class=\"pcep-grammar\">El infinitivo:<\/p>\n                        <p>Die Konjugationsmuster spanischer Verben<\/p>\n                    <\/div>\n                <\/div>\n            <\/div>\n                <div class=\"envoltorio-parte envoltorio-parte-01 par\">\n                <div class=\"ep-decoracion ep-decoracion-par\">\n                    <div class=\"ep-deco-curso-img\" style=\"background-image: url(\/wp-content\/uploads\/C_VE-imagen-principal-leccion-02.png)\"><\/div>\n                    <div class=\"ep-deco-left\"><\/div>\n                    <div class=\"ep-deco-right\"><\/div>\n                    <div class=\"ep-deco-leccion\">Thema 2<\/div>\n                    <div class=\"ep-deco-nombre\"> Das Pr\u00e4sens<\/div>\n                <\/div>\n                <div class=\"ep-contenido\">\n                    <div>\n                        <p class=\"pcep-grammar\">El presente:<\/p>\n                        <p>Konjugation der Verben im Pr\u00e4sens<\/p>\n                    <\/div>\n                <\/div>\n            <\/div>\n                <div class=\"envoltorio-parte envoltorio-parte-01 impar\">\n                <div class=\"ep-decoracion ep-decoracion-impar\">\n                    <div class=\"ep-deco-curso-img\" style=\"background-image: url(\/wp-content\/uploads\/C_VE-imagen-principal-leccion-03.png)\"><\/div>\n                    <div class=\"ep-deco-left\"><\/div>\n                    <div class=\"ep-deco-right\"><\/div>\n                    <div class=\"ep-deco-leccion\">Thema 3<\/div>\n                    <div class=\"ep-deco-nombre\"> Reflexive Verben<\/div>\n                <\/div>\n                <div class=\"ep-contenido\">\n                    <div>\n                        <p class=\"pcep-grammar\"> Los verbos reflexivos:<\/p>\n                        <p>Konjunktion der reflexiven Verben<\/p>\n                    <\/div>\n                <\/div>\n            <\/div>\n                <div class=\"envoltorio-parte envoltorio-parte-01 par\">\n                <div class=\"ep-decoracion ep-decoracion-par\">\n                    <div class=\"ep-deco-curso-img\" style=\"background-image: url(\/wp-content\/uploads\/C_VE-imagen-principal-leccion-04.png)\"><\/div>\n                    <div class=\"ep-deco-left\"><\/div>\n                    <div class=\"ep-deco-right\"><\/div>\n                    <div class=\"ep-deco-leccion\">Thema 4<\/div>\n                    <div class=\"ep-deco-nombre\"> Verlaufsform<\/div>\n                <\/div>\n                <div class=\"ep-contenido\">\n                    <div>\n                        <p class=\"pcep-grammar\">El gerundio:<\/p>\n                        <p>Verwendung des Gerundios<\/p>\n                    <\/div>\n                <\/div>\n            <\/div>\n                <div class=\"envoltorio-parte envoltorio-parte-01 impar\">\n                <div class=\"ep-decoracion ep-decoracion-impar\">\n                    <div class=\"ep-deco-curso-img\" style=\"background-image: url(\/wp-content\/uploads\/C_VE-imagen-principal-leccion-05.png)\"><\/div>\n                    <div class=\"ep-deco-left\"><\/div>\n                    <div class=\"ep-deco-right\"><\/div>\n                    <div class=\"ep-deco-leccion\">Thema 5<\/div>\n                    <div class=\"ep-deco-nombre\"> Das einfache Pr\u00e4teritum<\/div>\n                <\/div>\n                <div class=\"ep-contenido\">\n                    <div>\n                        <p class=\"pcep-grammar\">El pasado simple:<\/p>\n                        <p>Verwendung des Pasado simple<\/p>\n                    <\/div>\n                <\/div>\n            <\/div>\n                <div class=\"envoltorio-parte envoltorio-parte-01 par\">\n                <div class=\"ep-decoracion ep-decoracion-par\">\n                    <div class=\"ep-deco-curso-img\" style=\"background-image: url(\/wp-content\/uploads\/C_VE-imagen-principal-leccion-06.png)\"><\/div>\n                    <div class=\"ep-deco-left\"><\/div>\n                    <div class=\"ep-deco-right\"><\/div>\n                    <div class=\"ep-deco-leccion\">Thema 6<\/div>\n                    <div class=\"ep-deco-nombre\"> Das Imperfekt<\/div>\n                <\/div>\n                <div class=\"ep-contenido\">\n                    <div>\n                        <p class=\"pcep-grammar\">El preterito imperfecto:<\/p>\n                        <p>Erz\u00e4hl, was du fr\u00fcher gemacht hast<\/p>\n                    <\/div>\n                <\/div>\n            <\/div>\n                <div class=\"envoltorio-parte envoltorio-parte-01 impar\">\n                <div class=\"ep-decoracion ep-decoracion-impar\">\n                    <div class=\"ep-deco-curso-img\" style=\"background-image: url(\/wp-content\/uploads\/C_VE-imagen-principal-leccion-07.png)\"><\/div>\n                    <div class=\"ep-deco-left\"><\/div>\n                    <div class=\"ep-deco-right\"><\/div>\n                    <div class=\"ep-deco-leccion\">Wiederholung<\/div>\n                    <div class=\"ep-deco-nombre\"> Vergleiche<\/div>\n                <\/div>\n                <div class=\"ep-contenido\">\n                    <div>\n                        <p class=\"pcep-grammar\">Vergleiche: bail\u00e9 \/ bailaba:<\/p>\n                        <p>\u00dcberblick \u00fcber die Situationen und Zeitindikatoren<\/p>\n                    <\/div>\n                <\/div>\n            <\/div>\n                <div class=\"envoltorio-parte envoltorio-parte-01 par\">\n                <div class=\"ep-decoracion ep-decoracion-par\">\n                    <div class=\"ep-deco-curso-img\" style=\"background-image: url(\/wp-content\/uploads\/C_VE-imagen-principal-leccion-08.png)\"><\/div>\n                    <div class=\"ep-deco-left\"><\/div>\n                    <div class=\"ep-deco-right\"><\/div>\n                    <div class=\"ep-deco-leccion\">Thema 7<\/div>\n                    <div class=\"ep-deco-nombre\"> Das Perfekt<\/div>\n                <\/div>\n                <div class=\"ep-contenido\">\n                    <div>\n                        <p class=\"pcep-grammar\">El preterito perfecto compuesto:<\/p>\n                        <p>Erz\u00e4hl, was du heute gemacht hast<\/p>\n                    <\/div>\n                <\/div>\n            <\/div>\n                <div class=\"envoltorio-parte envoltorio-parte-01 impar\">\n                <div class=\"ep-decoracion ep-decoracion-impar\">\n                    <div class=\"ep-deco-curso-img\" style=\"background-image: url(\/wp-content\/uploads\/C_VE-imagen-principal-leccion-09.png)\"><\/div>\n                    <div class=\"ep-deco-left\"><\/div>\n                    <div class=\"ep-deco-right\"><\/div>\n                    <div class=\"ep-deco-leccion\">Wiederholung<\/div>\n                    <div class=\"ep-deco-nombre\"> Vergleiche<\/div>\n                <\/div>\n                <div class=\"ep-contenido\">\n                    <div>\n                        <p class=\"pcep-grammar\">Vergleiche: bail\u00e9 \/ bailaba \/ he bailado:<\/p>\n                        <p>\u00dcberblick \u00fcber die Situationen und Zeitindikatoren<\/p>\n                    <\/div>\n                <\/div>\n            <\/div>\n                <div class=\"envoltorio-parte envoltorio-parte-01 par\">\n                <div class=\"ep-decoracion ep-decoracion-par\">\n                    <div class=\"ep-deco-curso-img\" style=\"background-image: url(\/wp-content\/uploads\/C_VE-imagen-principal-leccion-10.png)\"><\/div>\n                    <div class=\"ep-deco-left\"><\/div>\n                    <div class=\"ep-deco-right\"><\/div>\n                    <div class=\"ep-deco-leccion\">Thema 8<\/div>\n                    <div class=\"ep-deco-nombre\"> Das Futur<\/div>\n                <\/div>\n                <div class=\"ep-contenido\">\n                    <div>\n                        <p class=\"pcep-grammar\">El futuro:<\/p>\n                        <p>Sprich \u00fcber Zukunftspl\u00e4ne und Vermutungen<\/p>\n                    <\/div>\n                <\/div>\n            <\/div>\n                <div class=\"envoltorio-parte envoltorio-parte-01 impar\">\n                <div class=\"ep-decoracion ep-decoracion-impar\">\n                    <div class=\"ep-deco-curso-img\" style=\"background-image: url(\/wp-content\/uploads\/C_VE-imagen-principal-leccion-11.png)\"><\/div>\n                    <div class=\"ep-deco-left\"><\/div>\n                    <div class=\"ep-deco-right\"><\/div>\n                    <div class=\"ep-deco-leccion\">Thema 9<\/div>\n                    <div class=\"ep-deco-nombre\"> Der Imperativ<\/div>\n                <\/div>\n                <div class=\"ep-contenido\">\n                    <div>\n                        <p class=\"pcep-grammar\">El imperativo:<\/p>\n                        <p>Erhalte pers\u00f6nliche R\u00fcckmeldung von einem muttersprachlichen Lehrer<\/p>\n                    <\/div>\n                <\/div>\n            <\/div>\n    <\/div>\r\n\t\t<\/div>\r\n\t<\/div>\r\n\t<!-- Contact -->\r\n\t<div class=\"row\">\r\n\t\t<div class=\"col-xs-12\">\r\n\t\t\t<h3 class=\"penp-titulo\">Hast du Fragen? Setz dich mit uns in Verbindung<\/h3>\r\n\t\t\t<p>Lies, h\u00f6re und lerne Spanisch mit unserem einzigartigen Sortiment an Spanischkursen und B\u00fcchern. Wenn du Fragen hast, <a href=\"https:\/\/www.esidioma.com\/contact-us\">kontaktiere uns<\/a>.<\/p>\r\n\t\t<\/div>\r\n\t<\/div>\r\n<\/div>","protected":false},"excerpt":{"rendered":"<div class=\"container-fluid\">\r\n    <div class=\"row\">\r\n        <div class=\"col-xs-12\">\r\n            <div class=\"short-description-curso\">\r\n                <p><strong>Beherrsche die spanischen Verben<\/strong> ein f\u00fcr alle Mal! <strong>In nur 3 Monaten<\/strong> lernst du, die wichtigsten spanischen Zeitformen zu unterscheiden und anzuwenden: Du beginnst mit den <strong>Grundlagen<\/strong> und kannst am Ende deine Gedanken mit <strong>verschiedenen Zeitformen und \u00fcber 100 Verben<\/strong> ausdr\u00fccken! Lerne in deinem eigenen Tempo bequem von zu Hause aus mit unserer Methode: Schritt-f\u00fcr-Schritt-Grammatiklektionen, interaktive \u00dcbungen und pers\u00f6nliche Betreuung per E-Mail durch einen <strong>spanischen Muttersprachler aus Spanien<\/strong>.<\/p>\r\n                <p><strong>Was magst du lieber?<\/strong> Lernst du lieber mit einem Lehrbuch oder einem Onlinekurs? Unser Spanischkurs beinhaltet beides:<\/p>\r\n                <ul style=\"list-style-type: none\">\r\n                    <li><img decoding=\"async\" draggable=\"false\" role=\"img\" class=\"emoji\" alt=\"\ud83d\udcd8\" src=\"https:\/\/s.w.org\/images\/core\/emoji\/15.0.3\/svg\/1f4d8.svg\" style=\"font-size: 2em\"> Ein \u00fcbersichtliches, ansprechend gestaltetes Lehrbuch mit <strong>105 Seiten und Audio<\/strong><\/li>\r\n                    <li><img decoding=\"async\" draggable=\"false\" role=\"img\" class=\"emoji\" alt=\"\ud83d\udcbb\" src=\"https:\/\/s.w.org\/images\/core\/emoji\/15.0.3\/svg\/1f4bb.svg\" style=\"font-size: 2em\"> Zugang zum <strong>interaktiven<\/strong> Onlinekurs<\/li>\r\n                <\/ul>\r\n\r\n                <div class=\"mi-cuadro-importante\">\r\n\r\n                    <p class=\"formatos-producto\">\r\n                        <span class=\"fp-texto\">Onlinekurs<\/span>\r\n                        <span class=\"fp-signo\">+<\/span>\r\n                        <span class=\"fp-texto\">Lehrbuch\r\n                            <img decoding=\"async\" src=\"\/wp-content\/uploads\/paper-mp3.png\" alt=\"Ebook + Kurs\">\r\n                        <\/span>\r\n                    <\/p>\r\n                    <p><strong>BEACHTE<\/strong>: Der Kurs und das Lehrbuch haben den <strong>gleichen Inhalt<\/strong> (Lektionen, Texte, Grammatiktabellen, \u00dcbungen&#8230;). Du kannst jederzeit zwischen beiden Formaten hin- und herwechseln.<\/p>\r\n                <\/div>\r\n\r\n                <p>Ein Kauf, zwei Formate. Fang noch heute mit Spanischlernen an!<\/p>\r\n            <\/div>\r\n        <\/div>\r\n    <\/div>\r\n<\/div>","protected":false},"featured_media":29702,"comment_status":"open","ping_status":"closed","template":"","meta":[],"product_brand":[],"product_cat":[205,78,99,172,144,150,101],"product_tag":[],"class_list":{"0":"post-29712","1":"product","2":"type-product","3":"status-publish","4":"has-post-thumbnail","6":"product_cat-angeboten","7":"product_cat-buecher-zum-spanischlernen","8":"product_cat-uebungsbuecher","9":"product_cat-kurse","10":"product_cat-lehrbuecher","11":"product_cat-printversionen","12":"product_cat-spanische-buecher-mit-audio","14":"first","15":"instock","16":"taxable","17":"shipping-taxable","18":"purchasable","19":"product-type-simple"},"yoast_head":"<!-- This site is optimized with the Yoast SEO plugin v27.5 - https:\/\/yoast.com\/product\/yoast-seo-wordpress\/ -->\n<title>Spanische Verben (Anf\u00e4nger): Onlinekurs + Kursbuch (Printversion). Niveau A1-A2 - Esidioma<\/title>\n<meta name=\"description\" content=\"Spanische Verben - Tabellen und \u00dcbungen. Verbkonjugation und Zeitformen kompakt zusammengefasst, mit \u00fcber 600 \u00dcbungsaufgaben\" \/>\n<meta name=\"robots\" content=\"index, follow, max-snippet:-1, max-image-preview:large, max-video-preview:-1\" \/>\n<link rel=\"canonical\" href=\"https:\/\/www.esidioma.com\/de\/produkt\/spanische-verben-anfaenger-onlinekurs-kursbuch-printversion-niveau-a1-a2\" \/>\n<meta property=\"og:locale\" content=\"de_DE\" \/>\n<meta property=\"og:type\" content=\"article\" \/>\n<meta property=\"og:title\" content=\"Spanische Verben (Anf\u00e4nger): Onlinekurs + Kursbuch (Printversion). Niveau A1-A2 - Esidioma\" \/>\n<meta property=\"og:description\" content=\"Spanische Verben - Tabellen und \u00dcbungen. Verbkonjugation und Zeitformen kompakt zusammengefasst, mit \u00fcber 600 \u00dcbungsaufgaben\" \/>\n<meta property=\"og:url\" content=\"https:\/\/www.esidioma.com\/de\/produkt\/spanische-verben-anfaenger-onlinekurs-kursbuch-printversion-niveau-a1-a2\" \/>\n<meta property=\"og:site_name\" content=\"Esidioma\" \/>\n<meta property=\"article:modified_time\" content=\"2026-04-23T19:46:15+00:00\" \/>\n<meta property=\"og:image\" content=\"https:\/\/www.esidioma.com\/wp-content\/uploads\/CLI_C_E_VE_DE_papel.jpg\" \/>\n\t<meta property=\"og:image:width\" content=\"1000\" \/>\n\t<meta property=\"og:image:height\" content=\"1000\" \/>\n\t<meta property=\"og:image:type\" content=\"image\/jpeg\" \/>\n<meta name=\"twitter:card\" content=\"summary_large_image\" \/>\n<meta name=\"twitter:label1\" content=\"Gesch\u00e4tzte Lesezeit\" \/>\n\t<meta name=\"twitter:data1\" content=\"4\u00a0Minuten\" \/>\n<script type=\"application\/ld+json\" class=\"yoast-schema-graph\">{\"@context\":\"https:\\\/\\\/schema.org\",\"@graph\":[{\"@type\":\"WebPage\",\"@id\":\"https:\\\/\\\/www.esidioma.com\\\/de\\\/produkt\\\/spanische-verben-anfaenger-onlinekurs-kursbuch-printversion-niveau-a1-a2\",\"url\":\"https:\\\/\\\/www.esidioma.com\\\/de\\\/produkt\\\/spanische-verben-anfaenger-onlinekurs-kursbuch-printversion-niveau-a1-a2\",\"name\":\"Spanische Verben (Anf\u00e4nger): Onlinekurs + Kursbuch (Printversion). Niveau A1-A2 - Esidioma\",\"isPartOf\":{\"@id\":\"https:\\\/\\\/www.esidioma.com\\\/de#website\"},\"primaryImageOfPage\":{\"@id\":\"https:\\\/\\\/www.esidioma.com\\\/de\\\/produkt\\\/spanische-verben-anfaenger-onlinekurs-kursbuch-printversion-niveau-a1-a2#primaryimage\"},\"image\":{\"@id\":\"https:\\\/\\\/www.esidioma.com\\\/de\\\/produkt\\\/spanische-verben-anfaenger-onlinekurs-kursbuch-printversion-niveau-a1-a2#primaryimage\"},\"thumbnailUrl\":\"https:\\\/\\\/www.esidioma.com\\\/wp-content\\\/uploads\\\/CLI_C_E_VE_DE_papel.jpg\",\"datePublished\":\"2025-07-17T11:35:27+00:00\",\"dateModified\":\"2026-04-23T19:46:15+00:00\",\"description\":\"Spanische Verben - Tabellen und \u00dcbungen. Verbkonjugation und Zeitformen kompakt zusammengefasst, mit \u00fcber 600 \u00dcbungsaufgaben\",\"breadcrumb\":{\"@id\":\"https:\\\/\\\/www.esidioma.com\\\/de\\\/produkt\\\/spanische-verben-anfaenger-onlinekurs-kursbuch-printversion-niveau-a1-a2#breadcrumb\"},\"inLanguage\":\"de\",\"potentialAction\":[{\"@type\":\"ReadAction\",\"target\":[\"https:\\\/\\\/www.esidioma.com\\\/de\\\/produkt\\\/spanische-verben-anfaenger-onlinekurs-kursbuch-printversion-niveau-a1-a2\"]}]},{\"@type\":\"ImageObject\",\"inLanguage\":\"de\",\"@id\":\"https:\\\/\\\/www.esidioma.com\\\/de\\\/produkt\\\/spanische-verben-anfaenger-onlinekurs-kursbuch-printversion-niveau-a1-a2#primaryimage\",\"url\":\"https:\\\/\\\/www.esidioma.com\\\/wp-content\\\/uploads\\\/CLI_C_E_VE_DE_papel.jpg\",\"contentUrl\":\"https:\\\/\\\/www.esidioma.com\\\/wp-content\\\/uploads\\\/CLI_C_E_VE_DE_papel.jpg\",\"width\":1000,\"height\":1000},{\"@type\":\"BreadcrumbList\",\"@id\":\"https:\\\/\\\/www.esidioma.com\\\/de\\\/produkt\\\/spanische-verben-anfaenger-onlinekurs-kursbuch-printversion-niveau-a1-a2#breadcrumb\",\"itemListElement\":[{\"@type\":\"ListItem\",\"position\":1,\"name\":\"Home\",\"item\":\"https:\\\/\\\/www.esidioma.com\\\/de\"},{\"@type\":\"ListItem\",\"position\":2,\"name\":\"Shop\",\"item\":\"https:\\\/\\\/www.esidioma.com\\\/shop\"},{\"@type\":\"ListItem\",\"position\":3,\"name\":\"Spanische Verben (Anf\u00e4nger): Onlinekurs + Kursbuch (Printversion). Niveau A1-A2\"}]},{\"@type\":\"WebSite\",\"@id\":\"https:\\\/\\\/www.esidioma.com\\\/de#website\",\"url\":\"https:\\\/\\\/www.esidioma.com\\\/de\",\"name\":\"Esidioma\",\"description\":\"Learn Spanish with us\",\"potentialAction\":[{\"@type\":\"SearchAction\",\"target\":{\"@type\":\"EntryPoint\",\"urlTemplate\":\"https:\\\/\\\/www.esidioma.com\\\/de?s={search_term_string}\"},\"query-input\":{\"@type\":\"PropertyValueSpecification\",\"valueRequired\":true,\"valueName\":\"search_term_string\"}}],\"inLanguage\":\"de\"}]}<\/script>\n<!-- \/ Yoast SEO plugin. -->","yoast_head_json":{"title":"Spanische Verben (Anf\u00e4nger): Onlinekurs + Kursbuch (Printversion). Niveau A1-A2 - Esidioma","description":"Spanische Verben - Tabellen und \u00dcbungen. Verbkonjugation und Zeitformen kompakt zusammengefasst, mit \u00fcber 600 \u00dcbungsaufgaben","robots":{"index":"index","follow":"follow","max-snippet":"max-snippet:-1","max-image-preview":"max-image-preview:large","max-video-preview":"max-video-preview:-1"},"canonical":"https:\/\/www.esidioma.com\/de\/produkt\/spanische-verben-anfaenger-onlinekurs-kursbuch-printversion-niveau-a1-a2","og_locale":"de_DE","og_type":"article","og_title":"Spanische Verben (Anf\u00e4nger): Onlinekurs + Kursbuch (Printversion). Niveau A1-A2 - Esidioma","og_description":"Spanische Verben - Tabellen und \u00dcbungen. Verbkonjugation und Zeitformen kompakt zusammengefasst, mit \u00fcber 600 \u00dcbungsaufgaben","og_url":"https:\/\/www.esidioma.com\/de\/produkt\/spanische-verben-anfaenger-onlinekurs-kursbuch-printversion-niveau-a1-a2","og_site_name":"Esidioma","article_modified_time":"2026-04-23T19:46:15+00:00","og_image":[{"width":1000,"height":1000,"url":"https:\/\/www.esidioma.com\/wp-content\/uploads\/CLI_C_E_VE_DE_papel.jpg","type":"image\/jpeg"}],"twitter_card":"summary_large_image","twitter_misc":{"Gesch\u00e4tzte Lesezeit":"4\u00a0Minuten"},"schema":{"@context":"https:\/\/schema.org","@graph":[{"@type":"WebPage","@id":"https:\/\/www.esidioma.com\/de\/produkt\/spanische-verben-anfaenger-onlinekurs-kursbuch-printversion-niveau-a1-a2","url":"https:\/\/www.esidioma.com\/de\/produkt\/spanische-verben-anfaenger-onlinekurs-kursbuch-printversion-niveau-a1-a2","name":"Spanische Verben (Anf\u00e4nger): Onlinekurs + Kursbuch (Printversion). Niveau A1-A2 - Esidioma","isPartOf":{"@id":"https:\/\/www.esidioma.com\/de#website"},"primaryImageOfPage":{"@id":"https:\/\/www.esidioma.com\/de\/produkt\/spanische-verben-anfaenger-onlinekurs-kursbuch-printversion-niveau-a1-a2#primaryimage"},"image":{"@id":"https:\/\/www.esidioma.com\/de\/produkt\/spanische-verben-anfaenger-onlinekurs-kursbuch-printversion-niveau-a1-a2#primaryimage"},"thumbnailUrl":"https:\/\/www.esidioma.com\/wp-content\/uploads\/CLI_C_E_VE_DE_papel.jpg","datePublished":"2025-07-17T11:35:27+00:00","dateModified":"2026-04-23T19:46:15+00:00","description":"Spanische Verben - Tabellen und \u00dcbungen. Verbkonjugation und Zeitformen kompakt zusammengefasst, mit \u00fcber 600 \u00dcbungsaufgaben","breadcrumb":{"@id":"https:\/\/www.esidioma.com\/de\/produkt\/spanische-verben-anfaenger-onlinekurs-kursbuch-printversion-niveau-a1-a2#breadcrumb"},"inLanguage":"de","potentialAction":[{"@type":"ReadAction","target":["https:\/\/www.esidioma.com\/de\/produkt\/spanische-verben-anfaenger-onlinekurs-kursbuch-printversion-niveau-a1-a2"]}]},{"@type":"ImageObject","inLanguage":"de","@id":"https:\/\/www.esidioma.com\/de\/produkt\/spanische-verben-anfaenger-onlinekurs-kursbuch-printversion-niveau-a1-a2#primaryimage","url":"https:\/\/www.esidioma.com\/wp-content\/uploads\/CLI_C_E_VE_DE_papel.jpg","contentUrl":"https:\/\/www.esidioma.com\/wp-content\/uploads\/CLI_C_E_VE_DE_papel.jpg","width":1000,"height":1000},{"@type":"BreadcrumbList","@id":"https:\/\/www.esidioma.com\/de\/produkt\/spanische-verben-anfaenger-onlinekurs-kursbuch-printversion-niveau-a1-a2#breadcrumb","itemListElement":[{"@type":"ListItem","position":1,"name":"Home","item":"https:\/\/www.esidioma.com\/de"},{"@type":"ListItem","position":2,"name":"Shop","item":"https:\/\/www.esidioma.com\/shop"},{"@type":"ListItem","position":3,"name":"Spanische Verben (Anf\u00e4nger): Onlinekurs + Kursbuch (Printversion). Niveau A1-A2"}]},{"@type":"WebSite","@id":"https:\/\/www.esidioma.com\/de#website","url":"https:\/\/www.esidioma.com\/de","name":"Esidioma","description":"Learn Spanish with us","potentialAction":[{"@type":"SearchAction","target":{"@type":"EntryPoint","urlTemplate":"https:\/\/www.esidioma.com\/de?s={search_term_string}"},"query-input":{"@type":"PropertyValueSpecification","valueRequired":true,"valueName":"search_term_string"}}],"inLanguage":"de"}]}},"_links":{"self":[{"href":"https:\/\/www.esidioma.com\/de\/wp-json\/wp\/v2\/product\/29712","targetHints":{"allow":["GET"]}}],"collection":[{"href":"https:\/\/www.esidioma.com\/de\/wp-json\/wp\/v2\/product"}],"about":[{"href":"https:\/\/www.esidioma.com\/de\/wp-json\/wp\/v2\/types\/product"}],"replies":[{"embeddable":true,"href":"https:\/\/www.esidioma.com\/de\/wp-json\/wp\/v2\/comments?post=29712"}],"wp:featuredmedia":[{"embeddable":true,"href":"https:\/\/www.esidioma.com\/de\/wp-json\/wp\/v2\/media\/29702"}],"wp:attachment":[{"href":"https:\/\/www.esidioma.com\/de\/wp-json\/wp\/v2\/media?parent=29712"}],"wp:term":[{"taxonomy":"product_brand","embeddable":true,"href":"https:\/\/www.esidioma.com\/de\/wp-json\/wp\/v2\/product_brand?post=29712"},{"taxonomy":"product_cat","embeddable":true,"href":"https:\/\/www.esidioma.com\/de\/wp-json\/wp\/v2\/product_cat?post=29712"},{"taxonomy":"product_tag","embeddable":true,"href":"https:\/\/www.esidioma.com\/de\/wp-json\/wp\/v2\/product_tag?post=29712"}],"curies":[{"name":"wp","href":"https:\/\/api.w.org\/{rel}","templated":true}]}}