{"id":29731,"date":"2025-07-17T15:50:27","date_gmt":"2025-07-17T13:50:27","guid":{"rendered":"https:\/\/www.esidioma.com\/?post_type=product&#038;p=29731"},"modified":"2026-03-16T13:57:43","modified_gmt":"2026-03-16T11:57:43","slug":"los-verbos-en-espanol-curso-online-libro-de-texto-ebook-nivel-a1-a2","status":"publish","type":"product","link":"https:\/\/www.esidioma.com\/es\/producto\/los-verbos-en-espanol-curso-online-libro-de-texto-ebook-nivel-a1-a2","title":{"rendered":"Los verbos en espa\u00f1ol: Curso online + Libro de texto (ebook). Nivel A1-A2"},"content":{"rendered":"<div class=\"container-fluid\">\r\n    <div class=\"row\">\r\n        <div class=\"col-xs-12\">\r\n            <ul class=\"lista-icono-texto\">\r\n                <li><i class=\"fa-solid fa-person-chalkboard\"><\/i><span>Apoyo de un profesor real <strong>(\u00a1no un robot!)<\/strong> para responder a tus preguntas<\/span><\/li>\r\n                <li><i class=\"fa-solid fa-microphone\"><\/i><span>Audio grabados por nativos<\/span><\/li>\r\n                <li><i class=\"fa-solid fa-gamepad\"><\/i><span><strong>Ejercicios interactivos<\/strong> en cada lecci\u00f3n<\/span><\/li>\r\n                <li><i class=\"fa-solid fa-book-bookmark\"><\/i><span>Listas de verbos, juegos y explicaciones claras<\/span><\/li>\r\n                <li><i class=\"fa-solid fa-signal\"><\/i><span><strong>Desde conceptos b\u00e1sicos<\/strong> hasta una comunicaci\u00f3n segura en espa\u00f1ol<\/span><\/li>\r\n                <li><i class=\"fa-regular fa-envelope\"><\/i><span>Env\u00eda tareas y <strong>recibe correcciones<\/strong> de tu profesor<\/span><\/li>\r\n            <\/ul>\r\n        <\/div>\r\n        <div class=\"siete-dias-free-course icono-texto\">\r\n            <i class=\"fa-solid fa-user-clock\"><\/i><span><strong>3 meses de acceso completo<\/strong> a todo el curso con un solo pago (no es una suscripci\u00f3n).<\/span>\r\n        <\/div>\r\n    <\/div>\r\n<\/div>\r\n<div class=\"row\">\r\n    <div class=\"col-lg-6 col-md-6 col-sm-6 col-xs-12\">\r\n        <h3>Escucha muestras de este libro:<\/h3>\r\n        <p>\r\n            <audio style=\"color: #95b9c7;\" controls=\"controls\">\r\n                <source src=\"\/wp-content\/uploads\/sample_E_VE_A1A2_a.mp3\" type=\"audio\/mpeg\">\r\n                Tu navegador no soporta el elemento de audio.\r\n            <\/audio>\r\n        <\/p>\r\n        <p>\r\n            <audio style=\"color: #95b9c7;\" controls=\"controls\">\r\n                <source src=\"\/wp-content\/uploads\/sample_E_VE_A1A2_b.mp3\" type=\"audio\/mpeg\">\r\n                Tu navegador no soporta el elemento de audio.\r\n            <\/audio>\r\n        <\/p>\r\n    <\/div>\r\n    <div class=\"col-lg-6 col-md-6 col-sm-6 col-xs-12\">\r\n        <h3 class=\"hidden-xs\">Lee muestras de este libro. Haz clic para ampliar:<\/h3>\r\n        <h3 class=\"hidden-lg hidden-md hidden-sm visible-xs-block\">Lee muestras de este libro:<\/h3>\r\n        <div class=\"row mi-galeria-producto\"><a href=\"\/wp-content\/uploads\/sample_E_VE_A1A2_ES_EN_MULTI_01.jpg\" data-fancybox=\"gallery\" title=\"Sistema Esidioma - muestra\"><img decoding=\"async\" class=\"col-lg-6 col-md-12 col-sm-12 col-xs-12\" id=\"thumb_296\" src=\"\/wp-content\/uploads\/sample_E_VE_A1A2_ES_EN_MULTI_01.jpg\" alt=\"Sistema Esidioma - muestra\" title=\"Sistema Esidioma - muestra\" itemprop=\"image\" \/><\/a><a href=\"\/wp-content\/uploads\/sample_E_VE_A1A2_ES_EN_MULTI_02.jpg\" data-fancybox=\"gallery\" title=\"Sistema Esidioma - muestra\"><img decoding=\"async\" class=\"col-lg-6 col-md-12 col-sm-12 col-xs-12\" id=\"thumb_296\" src=\"\/wp-content\/uploads\/sample_E_VE_A1A2_ES_EN_MULTI_02.jpg\" alt=\"Sistema Esidioma - muestra\" title=\"Sistema Esidioma - muestra\" itemprop=\"image\" \/><\/a><a href=\"\/wp-content\/uploads\/sample_E_VE_A1A2_ES_EN_MULTI_03.jpg\" data-fancybox=\"gallery\" title=\"Sistema Esidioma - muestra\"><img decoding=\"async\" class=\"col-lg-6 col-md-12 col-sm-12 col-xs-12\" id=\"thumb_296\" src=\"\/wp-content\/uploads\/sample_E_VE_A1A2_ES_EN_MULTI_03.jpg\" alt=\"Sistema Esidioma - muestra\" title=\"Sistema Kalinka - muestra\" itemprop=\"image\" \/><\/a><a href=\"\/wp-content\/uploads\/sample_E_VE_A1A2_ES_EN_MULTI_04.jpg\" data-fancybox=\"gallery\" title=\"Sistema Esidioma - muestra\"><img decoding=\"async\" class=\"col-lg-6 col-md-12 col-sm-12 col-xs-12\" id=\"thumb_296\" src=\"\/wp-content\/uploads\/sample_E_VE_A1A2_ES_EN_MULTI_04.jpg\" alt=\"Sistema Esidioma - muestra\" title=\"Sistema Esidioma - muestra\" itemprop=\"image\" \/><\/a><a href=\"\/wp-content\/uploads\/sample_E_VE_A1A2_ES_EN_MULTI_05.jpg\" data-fancybox=\"gallery\" title=\"Sistema Esidioma - muestra\"><img decoding=\"async\" class=\"col-lg-6 col-md-12 col-sm-12 col-xs-12\" id=\"thumb_296\" src=\"\/wp-content\/uploads\/sample_E_VE_A1A2_ES_EN_MULTI_05.jpg\" alt=\"Sistema Esidioma - muestra\" title=\"Sistema Esidioma - muestra\" itemprop=\"image\" \/><\/a><a href=\"\/wp-content\/uploads\/sample_E_VE_A1A2_ES_EN_MULTI_06.jpg\" data-fancybox=\"gallery\" title=\"Sistema Esidioma - muestra\"><img decoding=\"async\" class=\"col-lg-6 col-md-12 col-sm-12 col-xs-12\" id=\"thumb_296\" src=\"\/wp-content\/uploads\/sample_E_VE_A1A2_ES_EN_MULTI_06.jpg\" alt=\"Sistema Esidioma - muestra\" title=\"Sistema Esidioma - muestra\" itemprop=\"image\" \/><\/a><\/div>\r\n    <\/div>\r\n<\/div>\r\n<div class=\"row\">\r\n    <div class=\"col-xs-12\">\r\n        <h3 class=\"penp-titulo\">Caracter\u00edsticas principales:<\/h3>\r\n    <\/div>\r\n<\/div>\r\n<div class=\"row\">\r\n    <div class=\"col-sm-12 col-xs-12\">\r\n        <div class=\"col-sm-12 col-xs-12\">\r\n            <div class=\"row mi-galeria-producto\" style=\"background-color: #999999\"><a\r\n                    href=\"\/wp-content\/uploads\/sample_c_ve_01_es_01.jpg\" data-fancybox=\"gallery\" title=\"Course sample\"><img decoding=\"async\"\r\n                        class=\"col-lg-6 col-md-12 col-sm-12 col-xs-12\" id=\"thumb_296\"\r\n                        src=\"\/wp-content\/uploads\/sample_c_ve_01_es_01.jpg\" alt=\"Course sample\" title=\"Course sample\"\r\n                        itemprop=\"image\" \/><\/a> <a href=\"\/wp-content\/uploads\/sample_c_ve_01_es_02.jpg\" data-fancybox=\"gallery\"\r\n                    title=\"Course sample\"><img decoding=\"async\" class=\"col-lg-6 col-md-12 col-sm-12 col-xs-12\" id=\"thumb_296\"\r\n                        src=\"\/wp-content\/uploads\/sample_c_ve_01_es_02.jpg\" alt=\"Course sample\" title=\"Course sample\"\r\n                        itemprop=\"image\" \/><\/a> <a href=\"\/wp-content\/uploads\/sample_c_ve_01_es_03.jpg\" data-fancybox=\"gallery\"\r\n                    title=\"Course sample\"><img decoding=\"async\" class=\"col-lg-6 col-md-12 col-sm-12 col-xs-12\" id=\"thumb_296\"\r\n                        src=\"\/wp-content\/uploads\/sample_c_ve_01_es_03.jpg\" alt=\"Course sample\" title=\"Course sample\"\r\n                        itemprop=\"image\" \/><\/a> <a href=\"\/wp-content\/uploads\/sample_c_ve_01_es_04.jpg\" data-fancybox=\"gallery\"\r\n                    title=\"Course sample\"><img decoding=\"async\" class=\"col-lg-6 col-md-12 col-sm-12 col-xs-12\" id=\"thumb_296\"\r\n                        src=\"\/wp-content\/uploads\/sample_c_ve_01_es_04.jpg\" alt=\"Course sample\" title=\"Course sample\"\r\n                        itemprop=\"image\" \/><\/a>\r\n            <\/div>\r\n        <\/div>\r\n    <\/div>\r\n    <!-- Descripci\u00f3n Adicional -->\r\n    <div class=\"row\">\r\n        <div class=\"col-xs-12\">\r\n            <h3 class=\"penp-titulo\">S\u00e9 algo de espa\u00f1ol. \u00bfPor d\u00f3nde empiezo?<\/h3>\r\n            <p><strong>IMPORTANTE<\/strong>: Puedes elegir por d\u00f3nde empezar: desde el primer d\u00eda, tendr\u00e1s <strong>acceso a todas las lecciones<\/strong>. Esto significa que si ya tienes conocimientos sobre los verbos en espa\u00f1ol, no necesitas comenzar desde cero. Simplemente selecciona una lecci\u00f3n m\u00e1s avanzada y comienza tus estudios. A medida que avances en el curso, podr\u00e1s utilizar <strong>m\u00e1s de 100 verbos en varios tiempos y expresiones<\/strong>. Gracias a nuestro exclusivo m\u00e9todo de aprendizaje, notar\u00e1s de inmediato que est\u00e1s aprendiendo como en ning\u00fan otro lugar.<\/p>\r\n            <h3 class=\"penp-titulo\">\u00bfQu\u00e9 tareas ofrece el curso?<\/h3>\r\n            <p>El curso ofrece una variedad de actividades entretenidas, incluyendo <strong>juegos de memoria<\/strong> para reforzar tu vocabulario, la posibilidad de <strong>escuchar todas las tablas y ejemplos<\/strong> para mejorar la comprensi\u00f3n, <strong>varios tipos de pruebas<\/strong> para seguir tu progreso, y <strong>tareas escritas<\/strong> que puedes enviar para recibir correcciones y consejos de un profesor. Nuestras actividades garantizan un proceso de aprendizaje eficaz y divertido.<\/p>\r\n        <\/div>\r\n    <\/div>\r\n    <!-- Contenido -->\r\n    <div class=\"row\">\r\n        <div class=\"col-xs-12\">\r\n            <h3 class=\"penp-titulo\">Contenido del curso<\/h3>\r\n            <div class=\"partes-curso-en-producto c-ve-01\">            <div class=\"envoltorio-parte envoltorio-parte-01 impar\">\n                <div class=\"ep-decoracion ep-decoracion-impar\">\n                    <div class=\"ep-deco-curso-img\" style=\"background-image: url(\/wp-content\/uploads\/C_VE-imagen-principal-leccion-01.png)\"><\/div>\n                    <div class=\"ep-deco-left\"><\/div>\n                    <div class=\"ep-deco-right\"><\/div>\n                    <div class=\"ep-deco-leccion\">Tema 1<\/div>\n                    <div class=\"ep-deco-nombre\"> El infinitivo<\/div>\n                <\/div>\n                <div class=\"ep-contenido\">\n                    <div>\n                        <p class=\"pcep-grammar\">El infinitivo:<\/p>\n                        <p>Aprende a identificar el tipo de conjugaci\u00f3n de un verbo en espa\u00f1ol<\/p>\n                    <\/div>\n                <\/div>\n            <\/div>\n                <div class=\"envoltorio-parte envoltorio-parte-01 par\">\n                <div class=\"ep-decoracion ep-decoracion-par\">\n                    <div class=\"ep-deco-curso-img\" style=\"background-image: url(\/wp-content\/uploads\/C_VE-imagen-principal-leccion-02.png)\"><\/div>\n                    <div class=\"ep-deco-left\"><\/div>\n                    <div class=\"ep-deco-right\"><\/div>\n                    <div class=\"ep-deco-leccion\">Tema 2<\/div>\n                    <div class=\"ep-deco-nombre\"> El presente<\/div>\n                <\/div>\n                <div class=\"ep-contenido\">\n                    <div>\n                        <p class=\"pcep-grammar\">El presente:<\/p>\n                        <p>Aprende a conjugar verbos en presente<\/p>\n                    <\/div>\n                <\/div>\n            <\/div>\n                <div class=\"envoltorio-parte envoltorio-parte-01 impar\">\n                <div class=\"ep-decoracion ep-decoracion-impar\">\n                    <div class=\"ep-deco-curso-img\" style=\"background-image: url(\/wp-content\/uploads\/C_VE-imagen-principal-leccion-03.png)\"><\/div>\n                    <div class=\"ep-deco-left\"><\/div>\n                    <div class=\"ep-deco-right\"><\/div>\n                    <div class=\"ep-deco-leccion\">Tema 3<\/div>\n                    <div class=\"ep-deco-nombre\"> Los verbos reflexivos<\/div>\n                <\/div>\n                <div class=\"ep-contenido\">\n                    <div>\n                        <p class=\"pcep-grammar\"> Los verbos reflexivos:<\/p>\n                        <p>Aprende a usar pronombres reflexivos<\/p>\n                    <\/div>\n                <\/div>\n            <\/div>\n                <div class=\"envoltorio-parte envoltorio-parte-01 par\">\n                <div class=\"ep-decoracion ep-decoracion-par\">\n                    <div class=\"ep-deco-curso-img\" style=\"background-image: url(\/wp-content\/uploads\/C_VE-imagen-principal-leccion-04.png)\"><\/div>\n                    <div class=\"ep-deco-left\"><\/div>\n                    <div class=\"ep-deco-right\"><\/div>\n                    <div class=\"ep-deco-leccion\">Tema 4<\/div>\n                    <div class=\"ep-deco-nombre\"> El gerundio<\/div>\n                <\/div>\n                <div class=\"ep-contenido\">\n                    <div>\n                        <p class=\"pcep-grammar\">El gerundio:<\/p>\n                        <p>Aprenda a expresar la acci\u00f3n en el proceso.<\/p>\n                    <\/div>\n                <\/div>\n            <\/div>\n                <div class=\"envoltorio-parte envoltorio-parte-01 impar\">\n                <div class=\"ep-decoracion ep-decoracion-impar\">\n                    <div class=\"ep-deco-curso-img\" style=\"background-image: url(\/wp-content\/uploads\/C_VE-imagen-principal-leccion-05.png)\"><\/div>\n                    <div class=\"ep-deco-left\"><\/div>\n                    <div class=\"ep-deco-right\"><\/div>\n                    <div class=\"ep-deco-leccion\">Tema 5<\/div>\n                    <div class=\"ep-deco-nombre\"> El pasado simple<\/div>\n                <\/div>\n                <div class=\"ep-contenido\">\n                    <div>\n                        <p class=\"pcep-grammar\">El pasado simple:<\/p>\n                        <p>Aprende a contar lo que hiciste ayer<\/p>\n                    <\/div>\n                <\/div>\n            <\/div>\n                <div class=\"envoltorio-parte envoltorio-parte-01 par\">\n                <div class=\"ep-decoracion ep-decoracion-par\">\n                    <div class=\"ep-deco-curso-img\" style=\"background-image: url(\/wp-content\/uploads\/C_VE-imagen-principal-leccion-06.png)\"><\/div>\n                    <div class=\"ep-deco-left\"><\/div>\n                    <div class=\"ep-deco-right\"><\/div>\n                    <div class=\"ep-deco-leccion\">Tema 6<\/div>\n                    <div class=\"ep-deco-nombre\"> El preterito imperfecto<\/div>\n                <\/div>\n                <div class=\"ep-contenido\">\n                    <div>\n                        <p class=\"pcep-grammar\">El preterito imperfecto:<\/p>\n                        <p>Aprende a contar lo que hac\u00edas antes<\/p>\n                    <\/div>\n                <\/div>\n            <\/div>\n                <div class=\"envoltorio-parte envoltorio-parte-01 impar\">\n                <div class=\"ep-decoracion ep-decoracion-impar\">\n                    <div class=\"ep-deco-curso-img\" style=\"background-image: url(\/wp-content\/uploads\/C_VE-imagen-principal-leccion-07.png)\"><\/div>\n                    <div class=\"ep-deco-left\"><\/div>\n                    <div class=\"ep-deco-right\"><\/div>\n                    <div class=\"ep-deco-leccion\">Repaso<\/div>\n                    <div class=\"ep-deco-nombre\"> Comparaci\u00f3n<\/div>\n                <\/div>\n                <div class=\"ep-contenido\">\n                    <div>\n                        <p class=\"pcep-grammar\">Comparaci\u00f3n: bail\u00e9 \/ bailaba:<\/p>\n                        <p>Generalizaci\u00f3n de situaciones y marcadores temporales<\/p>\n                    <\/div>\n                <\/div>\n            <\/div>\n                <div class=\"envoltorio-parte envoltorio-parte-01 par\">\n                <div class=\"ep-decoracion ep-decoracion-par\">\n                    <div class=\"ep-deco-curso-img\" style=\"background-image: url(\/wp-content\/uploads\/C_VE-imagen-principal-leccion-08.png)\"><\/div>\n                    <div class=\"ep-deco-left\"><\/div>\n                    <div class=\"ep-deco-right\"><\/div>\n                    <div class=\"ep-deco-leccion\">Tema 7<\/div>\n                    <div class=\"ep-deco-nombre\"> \u0421\u043e\u0432\u0435\u0440\u0448\u0435\u043d\u043d\u043e\u0435 \u043f\u0440\u043e\u0448\u0435\u0434\u0448\u0435\u0435<\/div>\n                <\/div>\n                <div class=\"ep-contenido\">\n                    <div>\n                        <p class=\"pcep-grammar\">El preterito perfecto compuesto:<\/p>\n                        <p>Aprende a contar lo que has hecho hoy<\/p>\n                    <\/div>\n                <\/div>\n            <\/div>\n                <div class=\"envoltorio-parte envoltorio-parte-01 impar\">\n                <div class=\"ep-decoracion ep-decoracion-impar\">\n                    <div class=\"ep-deco-curso-img\" style=\"background-image: url(\/wp-content\/uploads\/C_VE-imagen-principal-leccion-09.png)\"><\/div>\n                    <div class=\"ep-deco-left\"><\/div>\n                    <div class=\"ep-deco-right\"><\/div>\n                    <div class=\"ep-deco-leccion\">Repaso<\/div>\n                    <div class=\"ep-deco-nombre\"> Comparaci\u00f3n<\/div>\n                <\/div>\n                <div class=\"ep-contenido\">\n                    <div>\n                        <p class=\"pcep-grammar\">Comparaci\u00f3n: bail\u00e9 \/ bailaba \/ he bailado:<\/p>\n                        <p>Generalizaci\u00f3n de situaciones y marcadores temporales<\/p>\n                    <\/div>\n                <\/div>\n            <\/div>\n                <div class=\"envoltorio-parte envoltorio-parte-01 par\">\n                <div class=\"ep-decoracion ep-decoracion-par\">\n                    <div class=\"ep-deco-curso-img\" style=\"background-image: url(\/wp-content\/uploads\/C_VE-imagen-principal-leccion-10.png)\"><\/div>\n                    <div class=\"ep-deco-left\"><\/div>\n                    <div class=\"ep-deco-right\"><\/div>\n                    <div class=\"ep-deco-leccion\">Tema 8<\/div>\n                    <div class=\"ep-deco-nombre\"> El futuro<\/div>\n                <\/div>\n                <div class=\"ep-contenido\">\n                    <div>\n                        <p class=\"pcep-grammar\">El futuro:<\/p>\n                        <p>Aprenda a expresar planes y suposiciones futuras.<\/p>\n                    <\/div>\n                <\/div>\n            <\/div>\n                <div class=\"envoltorio-parte envoltorio-parte-01 impar\">\n                <div class=\"ep-decoracion ep-decoracion-impar\">\n                    <div class=\"ep-deco-curso-img\" style=\"background-image: url(\/wp-content\/uploads\/C_VE-imagen-principal-leccion-11.png)\"><\/div>\n                    <div class=\"ep-deco-left\"><\/div>\n                    <div class=\"ep-deco-right\"><\/div>\n                    <div class=\"ep-deco-leccion\">Tema 9<\/div>\n                    <div class=\"ep-deco-nombre\"> El imperativo<\/div>\n                <\/div>\n                <div class=\"ep-contenido\">\n                    <div>\n                        <p class=\"pcep-grammar\">El imperativo:<\/p>\n                        <p>Aprende a dar consejos y ordenes.<\/p>\n                    <\/div>\n                <\/div>\n            <\/div>\n    <\/div>\r\n        <\/div>\r\n    <\/div>\r\n    <!-- Contacto -->\r\n    <div class=\"row\">\r\n        <div class=\"col-xs-12\">\r\n            <h3 class=\"penp-titulo\">\u00bfTienes preguntas? Cont\u00e1ctanos<\/h3>\r\n            <p>Lee, escucha y aprende espa\u00f1ol con nuestra colecci\u00f3n \u00fanica de cursos y libros de espa\u00f1ol. Si tienes alguna pregunta, por favor <a href=\"https:\/\/www.esidioma.com\/contact-us\">cont\u00e1ctanos<\/a>.<\/p>\r\n        <\/div>\r\n    <\/div>\r\n<\/div>","protected":false},"excerpt":{"rendered":"<div class=\"container-fluid\">\r\n    <div class=\"row\">\r\n        <div class=\"col-xs-12\">\r\n            <div class=\"short-description-curso\">\r\n                <p><strong>\u00a1La mejor manera de dominar los verbos en espa\u00f1ol de una vez por todas!<\/strong> Aprende a distinguir y usar los tiempos verbales <strong>en solo 3 meses<\/strong>: empieza con los <strong>conceptos b\u00e1sicos<\/strong> y aprende a expresarte f\u00e1cilmente usando <strong>diferentes tiempos verbales en m\u00e1s de 100 verbos<\/strong>. Estudia a tu propio ritmo con nuestro m\u00e9todo: lecciones de gram\u00e1tica paso a paso, ejercicios interactivos y un <strong>tutor personal nativo<\/strong>.<\/p>\r\n                <p><strong>T\u00fa eliges c\u00f3mo aprender<\/strong>: \u00bfPrefieres un libro de texto o un curso online? Nuestro pack para aprender espa\u00f1ol te ofrece ambos:<\/p>\r\n                <ul style=\"list-style-type: none\">\r\n                    <li><img decoding=\"async\" draggable=\"false\" role=\"img\" class=\"emoji\" alt=\"\ud83d\udcd8\" src=\"https:\/\/s.w.org\/images\/core\/emoji\/15.0.3\/svg\/1f4d8.svg\" style=\"font-size: 2em\"> Un libro de texto muy bien dise\u00f1ado con <strong>190 p\u00e1ginas y audio<\/strong><\/li>\r\n                    <li><img decoding=\"async\" draggable=\"false\" role=\"img\" class=\"emoji\" alt=\"\ud83d\udcbb\" src=\"https:\/\/s.w.org\/images\/core\/emoji\/15.0.3\/svg\/1f4bb.svg\" style=\"font-size: 2em\"> Acceso inmediato a nuestro curso online <strong>interactivo<\/strong><\/li>\r\n                <\/ul>\r\n                <\/p>\r\n\r\n                <div class=\"mi-cuadro-importante\">\r\n\r\n                    <p class=\"formatos-producto\">\r\n                        <span class=\"fp-texto\">Curso online<\/span>\r\n                        <span class=\"fp-signo\">+<\/span>\r\n                        <span class=\"fp-texto\">Libro de texto\r\n                            <img decoding=\"async\" src=\"\/wp-content\/uploads\/pdf-mp3.png\" alt=\"Ebook\">\r\n                        <\/span>\r\n                    <\/p>\r\n                    <p><strong>IMPORTANTE<\/strong>: El curso y el libro de texto tienen <strong>el mismo contenido<\/strong> (lecciones, textos, tablas gramaticales, ejercicios&#8230;). Puedes cambiar de formato en cualquier momento y aprender de la forma que mejor se adapte a ti.<\/p>\r\n                <\/div>\r\n\r\n                <p>Una sola compra, dos formatos. \u00a1Empieza a aprender espa\u00f1ol hoy mismo!<\/p>\r\n            <\/div>\r\n        <\/div>\r\n    <\/div>\r\n<\/div>","protected":false},"featured_media":29735,"comment_status":"open","ping_status":"closed","template":"","meta":[],"product_brand":[],"product_cat":[173,85,181,86,145,77,97,206],"product_tag":[],"class_list":{"0":"post-29731","1":"product","2":"type-product","3":"status-publish","4":"has-post-thumbnail","6":"product_cat-cursos","7":"product_cat-ebook-libro-digital","8":"product_cat-libros-de-ejercicios","9":"product_cat-libros-de-espanol-con-audio","10":"product_cat-libros-de-texto","11":"product_cat-libros-para-aprender-espanol","12":"product_cat-multi-idioma","13":"product_cat-ofertas","15":"first","16":"instock","17":"taxable","18":"shipping-taxable","19":"purchasable","20":"product-type-variable","21":"rtwpvs-product"},"yoast_head":"<!-- This site is optimized with the Yoast SEO plugin v27.5 - https:\/\/yoast.com\/product\/yoast-seo-wordpress\/ -->\n<title>Los verbos en espa\u00f1ol: Curso online + Libro de texto (ebook). Nivel A1-A2 - Esidioma<\/title>\n<meta name=\"description\" content=\"Verbos en espa\u00f1ol. Libro de ejercicios para principiantes: Nivel A1-A2. \u00bfAprende c\u00f3mo conjugar los verbos en espa\u00f1ol y cu\u00e1ndo usar cada tiempo verbal?\" \/>\n<meta name=\"robots\" content=\"index, follow, max-snippet:-1, max-image-preview:large, max-video-preview:-1\" \/>\n<link rel=\"canonical\" href=\"https:\/\/www.esidioma.com\/es\/producto\/los-verbos-en-espanol-curso-online-libro-de-texto-ebook-nivel-a1-a2\" \/>\n<meta property=\"og:locale\" content=\"es_ES\" \/>\n<meta property=\"og:type\" content=\"article\" \/>\n<meta property=\"og:title\" content=\"Los verbos en espa\u00f1ol: Curso online + Libro de texto (ebook). Nivel A1-A2 - Esidioma\" \/>\n<meta property=\"og:description\" content=\"Verbos en espa\u00f1ol. Libro de ejercicios para principiantes: Nivel A1-A2. \u00bfAprende c\u00f3mo conjugar los verbos en espa\u00f1ol y cu\u00e1ndo usar cada tiempo verbal?\" \/>\n<meta property=\"og:url\" content=\"https:\/\/www.esidioma.com\/es\/producto\/los-verbos-en-espanol-curso-online-libro-de-texto-ebook-nivel-a1-a2\" \/>\n<meta property=\"og:site_name\" content=\"Esidioma\" \/>\n<meta property=\"article:modified_time\" content=\"2026-03-16T11:57:43+00:00\" \/>\n<meta property=\"og:image\" content=\"https:\/\/www.esidioma.com\/wp-content\/uploads\/CLI_C_E_VE_ES_ebook.jpg\" \/>\n\t<meta property=\"og:image:width\" content=\"1000\" \/>\n\t<meta property=\"og:image:height\" content=\"1000\" \/>\n\t<meta property=\"og:image:type\" content=\"image\/jpeg\" \/>\n<meta name=\"twitter:card\" content=\"summary_large_image\" \/>\n<meta name=\"twitter:label1\" content=\"Tiempo de lectura\" \/>\n\t<meta name=\"twitter:data1\" content=\"4 minutos\" \/>\n<script type=\"application\/ld+json\" class=\"yoast-schema-graph\">{\"@context\":\"https:\\\/\\\/schema.org\",\"@graph\":[{\"@type\":\"WebPage\",\"@id\":\"https:\\\/\\\/www.esidioma.com\\\/es\\\/producto\\\/los-verbos-en-espanol-curso-online-libro-de-texto-ebook-nivel-a1-a2\",\"url\":\"https:\\\/\\\/www.esidioma.com\\\/es\\\/producto\\\/los-verbos-en-espanol-curso-online-libro-de-texto-ebook-nivel-a1-a2\",\"name\":\"Los verbos en espa\u00f1ol: Curso online + Libro de texto (ebook). Nivel A1-A2 - Esidioma\",\"isPartOf\":{\"@id\":\"https:\\\/\\\/www.esidioma.com\\\/es#website\"},\"primaryImageOfPage\":{\"@id\":\"https:\\\/\\\/www.esidioma.com\\\/es\\\/producto\\\/los-verbos-en-espanol-curso-online-libro-de-texto-ebook-nivel-a1-a2#primaryimage\"},\"image\":{\"@id\":\"https:\\\/\\\/www.esidioma.com\\\/es\\\/producto\\\/los-verbos-en-espanol-curso-online-libro-de-texto-ebook-nivel-a1-a2#primaryimage\"},\"thumbnailUrl\":\"https:\\\/\\\/www.esidioma.com\\\/wp-content\\\/uploads\\\/CLI_C_E_VE_ES_ebook.jpg\",\"datePublished\":\"2025-07-17T13:50:27+00:00\",\"dateModified\":\"2026-03-16T11:57:43+00:00\",\"description\":\"Verbos en espa\u00f1ol. Libro de ejercicios para principiantes: Nivel A1-A2. \u00bfAprende c\u00f3mo conjugar los verbos en espa\u00f1ol y cu\u00e1ndo usar cada tiempo verbal?\",\"breadcrumb\":{\"@id\":\"https:\\\/\\\/www.esidioma.com\\\/es\\\/producto\\\/los-verbos-en-espanol-curso-online-libro-de-texto-ebook-nivel-a1-a2#breadcrumb\"},\"inLanguage\":\"es\",\"potentialAction\":[{\"@type\":\"ReadAction\",\"target\":[\"https:\\\/\\\/www.esidioma.com\\\/es\\\/producto\\\/los-verbos-en-espanol-curso-online-libro-de-texto-ebook-nivel-a1-a2\"]}]},{\"@type\":\"ImageObject\",\"inLanguage\":\"es\",\"@id\":\"https:\\\/\\\/www.esidioma.com\\\/es\\\/producto\\\/los-verbos-en-espanol-curso-online-libro-de-texto-ebook-nivel-a1-a2#primaryimage\",\"url\":\"https:\\\/\\\/www.esidioma.com\\\/wp-content\\\/uploads\\\/CLI_C_E_VE_ES_ebook.jpg\",\"contentUrl\":\"https:\\\/\\\/www.esidioma.com\\\/wp-content\\\/uploads\\\/CLI_C_E_VE_ES_ebook.jpg\",\"width\":1000,\"height\":1000},{\"@type\":\"BreadcrumbList\",\"@id\":\"https:\\\/\\\/www.esidioma.com\\\/es\\\/producto\\\/los-verbos-en-espanol-curso-online-libro-de-texto-ebook-nivel-a1-a2#breadcrumb\",\"itemListElement\":[{\"@type\":\"ListItem\",\"position\":1,\"name\":\"Home\",\"item\":\"https:\\\/\\\/www.esidioma.com\\\/es\"},{\"@type\":\"ListItem\",\"position\":2,\"name\":\"Shop\",\"item\":\"https:\\\/\\\/www.esidioma.com\\\/shop\"},{\"@type\":\"ListItem\",\"position\":3,\"name\":\"Los verbos en espa\u00f1ol: Curso online + Libro de texto (ebook). Nivel A1-A2\"}]},{\"@type\":\"WebSite\",\"@id\":\"https:\\\/\\\/www.esidioma.com\\\/es#website\",\"url\":\"https:\\\/\\\/www.esidioma.com\\\/es\",\"name\":\"Esidioma\",\"description\":\"Learn Spanish with us\",\"potentialAction\":[{\"@type\":\"SearchAction\",\"target\":{\"@type\":\"EntryPoint\",\"urlTemplate\":\"https:\\\/\\\/www.esidioma.com\\\/es?s={search_term_string}\"},\"query-input\":{\"@type\":\"PropertyValueSpecification\",\"valueRequired\":true,\"valueName\":\"search_term_string\"}}],\"inLanguage\":\"es\"}]}<\/script>\n<!-- \/ Yoast SEO plugin. -->","yoast_head_json":{"title":"Los verbos en espa\u00f1ol: Curso online + Libro de texto (ebook). Nivel A1-A2 - Esidioma","description":"Verbos en espa\u00f1ol. Libro de ejercicios para principiantes: Nivel A1-A2. \u00bfAprende c\u00f3mo conjugar los verbos en espa\u00f1ol y cu\u00e1ndo usar cada tiempo verbal?","robots":{"index":"index","follow":"follow","max-snippet":"max-snippet:-1","max-image-preview":"max-image-preview:large","max-video-preview":"max-video-preview:-1"},"canonical":"https:\/\/www.esidioma.com\/es\/producto\/los-verbos-en-espanol-curso-online-libro-de-texto-ebook-nivel-a1-a2","og_locale":"es_ES","og_type":"article","og_title":"Los verbos en espa\u00f1ol: Curso online + Libro de texto (ebook). Nivel A1-A2 - Esidioma","og_description":"Verbos en espa\u00f1ol. Libro de ejercicios para principiantes: Nivel A1-A2. \u00bfAprende c\u00f3mo conjugar los verbos en espa\u00f1ol y cu\u00e1ndo usar cada tiempo verbal?","og_url":"https:\/\/www.esidioma.com\/es\/producto\/los-verbos-en-espanol-curso-online-libro-de-texto-ebook-nivel-a1-a2","og_site_name":"Esidioma","article_modified_time":"2026-03-16T11:57:43+00:00","og_image":[{"width":1000,"height":1000,"url":"https:\/\/www.esidioma.com\/wp-content\/uploads\/CLI_C_E_VE_ES_ebook.jpg","type":"image\/jpeg"}],"twitter_card":"summary_large_image","twitter_misc":{"Tiempo de lectura":"4 minutos"},"schema":{"@context":"https:\/\/schema.org","@graph":[{"@type":"WebPage","@id":"https:\/\/www.esidioma.com\/es\/producto\/los-verbos-en-espanol-curso-online-libro-de-texto-ebook-nivel-a1-a2","url":"https:\/\/www.esidioma.com\/es\/producto\/los-verbos-en-espanol-curso-online-libro-de-texto-ebook-nivel-a1-a2","name":"Los verbos en espa\u00f1ol: Curso online + Libro de texto (ebook). Nivel A1-A2 - Esidioma","isPartOf":{"@id":"https:\/\/www.esidioma.com\/es#website"},"primaryImageOfPage":{"@id":"https:\/\/www.esidioma.com\/es\/producto\/los-verbos-en-espanol-curso-online-libro-de-texto-ebook-nivel-a1-a2#primaryimage"},"image":{"@id":"https:\/\/www.esidioma.com\/es\/producto\/los-verbos-en-espanol-curso-online-libro-de-texto-ebook-nivel-a1-a2#primaryimage"},"thumbnailUrl":"https:\/\/www.esidioma.com\/wp-content\/uploads\/CLI_C_E_VE_ES_ebook.jpg","datePublished":"2025-07-17T13:50:27+00:00","dateModified":"2026-03-16T11:57:43+00:00","description":"Verbos en espa\u00f1ol. Libro de ejercicios para principiantes: Nivel A1-A2. \u00bfAprende c\u00f3mo conjugar los verbos en espa\u00f1ol y cu\u00e1ndo usar cada tiempo verbal?","breadcrumb":{"@id":"https:\/\/www.esidioma.com\/es\/producto\/los-verbos-en-espanol-curso-online-libro-de-texto-ebook-nivel-a1-a2#breadcrumb"},"inLanguage":"es","potentialAction":[{"@type":"ReadAction","target":["https:\/\/www.esidioma.com\/es\/producto\/los-verbos-en-espanol-curso-online-libro-de-texto-ebook-nivel-a1-a2"]}]},{"@type":"ImageObject","inLanguage":"es","@id":"https:\/\/www.esidioma.com\/es\/producto\/los-verbos-en-espanol-curso-online-libro-de-texto-ebook-nivel-a1-a2#primaryimage","url":"https:\/\/www.esidioma.com\/wp-content\/uploads\/CLI_C_E_VE_ES_ebook.jpg","contentUrl":"https:\/\/www.esidioma.com\/wp-content\/uploads\/CLI_C_E_VE_ES_ebook.jpg","width":1000,"height":1000},{"@type":"BreadcrumbList","@id":"https:\/\/www.esidioma.com\/es\/producto\/los-verbos-en-espanol-curso-online-libro-de-texto-ebook-nivel-a1-a2#breadcrumb","itemListElement":[{"@type":"ListItem","position":1,"name":"Home","item":"https:\/\/www.esidioma.com\/es"},{"@type":"ListItem","position":2,"name":"Shop","item":"https:\/\/www.esidioma.com\/shop"},{"@type":"ListItem","position":3,"name":"Los verbos en espa\u00f1ol: Curso online + Libro de texto (ebook). Nivel A1-A2"}]},{"@type":"WebSite","@id":"https:\/\/www.esidioma.com\/es#website","url":"https:\/\/www.esidioma.com\/es","name":"Esidioma","description":"Learn Spanish with us","potentialAction":[{"@type":"SearchAction","target":{"@type":"EntryPoint","urlTemplate":"https:\/\/www.esidioma.com\/es?s={search_term_string}"},"query-input":{"@type":"PropertyValueSpecification","valueRequired":true,"valueName":"search_term_string"}}],"inLanguage":"es"}]}},"_links":{"self":[{"href":"https:\/\/www.esidioma.com\/es\/wp-json\/wp\/v2\/product\/29731","targetHints":{"allow":["GET"]}}],"collection":[{"href":"https:\/\/www.esidioma.com\/es\/wp-json\/wp\/v2\/product"}],"about":[{"href":"https:\/\/www.esidioma.com\/es\/wp-json\/wp\/v2\/types\/product"}],"replies":[{"embeddable":true,"href":"https:\/\/www.esidioma.com\/es\/wp-json\/wp\/v2\/comments?post=29731"}],"wp:featuredmedia":[{"embeddable":true,"href":"https:\/\/www.esidioma.com\/es\/wp-json\/wp\/v2\/media\/29735"}],"wp:attachment":[{"href":"https:\/\/www.esidioma.com\/es\/wp-json\/wp\/v2\/media?parent=29731"}],"wp:term":[{"taxonomy":"product_brand","embeddable":true,"href":"https:\/\/www.esidioma.com\/es\/wp-json\/wp\/v2\/product_brand?post=29731"},{"taxonomy":"product_cat","embeddable":true,"href":"https:\/\/www.esidioma.com\/es\/wp-json\/wp\/v2\/product_cat?post=29731"},{"taxonomy":"product_tag","embeddable":true,"href":"https:\/\/www.esidioma.com\/es\/wp-json\/wp\/v2\/product_tag?post=29731"}],"curies":[{"name":"wp","href":"https:\/\/api.w.org\/{rel}","templated":true}]}}